{"id":50,"date":"2019-12-19T10:24:07","date_gmt":"2019-12-19T10:24:07","guid":{"rendered":"http:\/\/idm314.webenrevision.com\/?page_id=50"},"modified":"2021-11-23T17:21:23","modified_gmt":"2021-11-23T16:21:23","slug":"estudiantes","status":"publish","type":"page","link":"https:\/\/2022.idm314.es\/index.php\/concursos\/estudiantes\/","title":{"rendered":"Estudiantes"},"content":{"rendered":"\n<div class=\"wp-block-cover alignfull has-background-dim\" style=\"background-image:url(http:\/\/idm314.es\/wp-content\/uploads\/2021\/11\/pencils-6099511_1280.jpg);min-height:200px\"><div class=\"wp-block-cover__inner-container\">\n<p class=\"has-text-align-left has-large-font-size\"><strong>Estudiantes<\/strong><\/p>\n<\/div><\/div>\n\n\n\n<div style=\"height:30px\" aria-hidden=\"true\" class=\"wp-block-spacer\"><\/div>\n\n\n<p>[vc_row][vc_column][vc_column_text]<\/p>\n<h2>Bases del Concurso para Estudiantes<\/h2>\n<p>[\/vc_column_text][\/vc_column][\/vc_row][vc_row][vc_column width=\u00bb1\/2&#8243;][vc_column_text]<strong>Objeto de la convocatoria<\/strong><\/p>\n<p>La Comisi\u00f3n de Educaci\u00f3n del Comit\u00e9 Espa\u00f1ol de Matem\u00e1ticas como organizadora del D\u00eda Internacional de las Matem\u00e1ticas 2021, con la colaboraci\u00f3n de la Federaci\u00f3n Espa\u00f1ola de Sociedades de Profesores de Matem\u00e1ticas (FESPM), la Sociedad Extreme\u00f1a de Educaci\u00f3n Matem\u00e1tica \u00abVentura Reyes Pr\u00f3sper\u00bb, el Ayuntamiento de Don Benito y la Divisi\u00f3n Educativa de CASIO, convocan distintos concursos dirigidos al alumnado de los diferentes \u00a0niveles educativos, con las matem\u00e1ticas como protagonista.<\/p>\n<p><strong>Participantes<\/strong><br \/>Podr\u00e1 participar el alumnado de cualquier nivel educativo de cualquier centro del \u00e1mbito del territorio del estado espa\u00f1ol y se establecer\u00e1n distintas modalidades.<\/p>\n<p>La participaci\u00f3n podr\u00e1 ser a t\u00edtulo individual o en equipo. Todos los participantes deber\u00e1n estar cursando el mismo nivel por el que participan.<\/p>\n<p>El env\u00edo de trabajos se realizar\u00e1 a trav\u00e9s del formulario establecido para cada modalidad.<\/p>\n<p><strong>El plazo para el env\u00edo de trabajos finaliza el 20 de febrero de 2022, a las 23:59 horas.<\/strong>[\/vc_column_text][\/vc_column][vc_column width=\u00bb1\/2&#8243;][vc_column_text]<img loading=\"lazy\" class=\"alignnone wp-image-386 size-full\" src=\"http:\/\/idm314.es\/wp-content\/uploads\/2021\/11\/idm-ph-02.jpg\" alt=\"\" width=\"800\" height=\"533\" srcset=\"https:\/\/2022.idm314.es\/wp-content\/uploads\/2021\/11\/idm-ph-02.jpg 800w, https:\/\/2022.idm314.es\/wp-content\/uploads\/2021\/11\/idm-ph-02-300x200.jpg 300w, https:\/\/2022.idm314.es\/wp-content\/uploads\/2021\/11\/idm-ph-02-768x512.jpg 768w\" sizes=\"(max-width: 800px) 100vw, 800px\" \/>[\/vc_column_text][\/vc_column][\/vc_row][vc_row][vc_column][vc_column_text]<\/p>\n<h2>Modalidades<\/h2>\n<ul>\n<li><strong>C\u00f3mics<\/strong> (solo para alumnado de Educaci\u00f3n Primaria): (4 p\u00e1ginas A4 como m\u00e1ximo), relacionado con el lema del IDM 2022 que es \u00abLas matem\u00e1ticas que unen\u00bb. Los trabajos se presentar\u00e1n en formato pdf, incluyendo un t\u00edtulo para el c\u00f3mic.<\/li>\n<li><strong>Relatos<\/strong> (solo para alumnado de Educaci\u00f3n Secundaria Obligatoria y Ciclos de Grado Medio): (hasta 1000 palabras), El contenido ser\u00e1 sobre el lema del IDM 2022 que puede ser una ficci\u00f3n o un papel protagonista relacionado con el lema ya mencionado para el D\u00eda Internacional de las Matem\u00e1ticas 2022. Debe presentarse en un archivo PDF, incluyendo un t\u00edtulo para el relato. Dentro de esta modalidad se establecen dos categor\u00edas:<\/li>\n<\/ul>\n<ul>\n<li style=\"list-style-type: none;\">\n<ul>\n<li>1\u00ba y 2\u00ba de ESO<\/li>\n<li>3\u00ba y 4\u00ba\u00a0 de ESO y Ciclos Formativos de Grado Medio<\/li>\n<\/ul>\n<\/li>\n<li><strong>V\u00eddeos<\/strong> (solo para alumnado de Bachillerato, Ciclos Formativos de Grado Superior y Educaci\u00f3n de personas adultas) (de 3 minutos como m\u00e1ximo), bien de divulgaci\u00f3n o de ficci\u00f3n cuyo contenido est\u00e9 relacionado con el lema del D\u00eda Internacional de las Matem\u00e1ticas 2022. Deben subirse (ocultos) \u00a0a Youtube, enviando el correspondiente enlace.<\/li>\n<\/ul>\n<p>[\/vc_column_text][\/vc_column][vc_column el_class=\u00bbcentrado\u00bb][vc_column_text]<\/p>\n<h2 style=\"text-align: center;\"><a href=\"https:\/\/forms.gle\/7JMz7ResEqeHPtny8\">Quiero Participar<\/a><\/h2>\n<p>[\/vc_column_text][\/vc_column][\/vc_row][vc_row][vc_column][vc_column_text]<\/p>\n<h2>Entrega de premios<\/h2>\n<p>[\/vc_column_text][vc_column_text]La entrega de premios se realizar\u00e1 en el evento \u201c<strong>D\u00eda Internacional de las Matem\u00e1ticas<\/strong>\u201d, que en 2022 se celebrar\u00e1 en Extremadura, en un acto presencial si las condiciones sanitarias lo permiten. En caso contrario, el acto se realizar\u00e1 de forma virtual.<\/p>\n<p>El comit\u00e9 organizador financiar\u00e1 el desplazamiento, as\u00ed como el alojamiento del estudiante ganador en cada una de las modalidades m\u00e1s un acompa\u00f1ante (persona adulta para los ganadores menores de edad).[\/vc_column_text][\/vc_column][\/vc_row]<\/p>\n\n\n<p><strong><span style=\"color:#cc0000\" class=\"has-inline-color\">Los ganadores recibir\u00e1n como premios una tablet, una calculadora y un lote de libros.<\/span><\/strong><\/p>\n","protected":false},"excerpt":{"rendered":"<p>[vc_row][vc_column][vc_column_text] Bases del Concurso para Estudiantes [\/vc_column_text][\/vc_column][\/vc_row][vc_row][vc_column width=\u00bb1\/2&#8243;][vc_column_text]Objeto de la convocatoria La Comisi\u00f3n de Educaci\u00f3n del Comit\u00e9 Espa\u00f1ol de Matem\u00e1ticas como organizadora del D\u00eda Internacional de las Matem\u00e1ticas 2021, con la colaboraci\u00f3n de la Federaci\u00f3n Espa\u00f1ola de Sociedades de Profesores de Matem\u00e1ticas (FESPM), la Sociedad Extreme\u00f1a de Educaci\u00f3n Matem\u00e1tica \u00abVentura Reyes Pr\u00f3sper\u00bb, el Ayuntamiento de&hellip;&nbsp;<a href=\"https:\/\/2022.idm314.es\/index.php\/concursos\/estudiantes\/\" class=\"\" rel=\"bookmark\">Leer m\u00e1s &raquo;<span class=\"screen-reader-text\">Estudiantes<\/span><\/a><\/p>\n","protected":false},"author":2,"featured_media":58,"parent":46,"menu_order":0,"comment_status":"closed","ping_status":"closed","template":"","meta":{"neve_meta_sidebar":"full-width","neve_meta_container":"","neve_meta_enable_content_width":"off","neve_meta_content_width":0,"neve_meta_title_alignment":"","neve_meta_author_avatar":"","neve_post_elements_order":"","neve_meta_disable_header":"","neve_meta_disable_footer":"","neve_meta_disable_title":"on"},"_links":{"self":[{"href":"https:\/\/2022.idm314.es\/index.php\/wp-json\/wp\/v2\/pages\/50"}],"collection":[{"href":"https:\/\/2022.idm314.es\/index.php\/wp-json\/wp\/v2\/pages"}],"about":[{"href":"https:\/\/2022.idm314.es\/index.php\/wp-json\/wp\/v2\/types\/page"}],"author":[{"embeddable":true,"href":"https:\/\/2022.idm314.es\/index.php\/wp-json\/wp\/v2\/users\/2"}],"replies":[{"embeddable":true,"href":"https:\/\/2022.idm314.es\/index.php\/wp-json\/wp\/v2\/comments?post=50"}],"version-history":[{"count":14,"href":"https:\/\/2022.idm314.es\/index.php\/wp-json\/wp\/v2\/pages\/50\/revisions"}],"predecessor-version":[{"id":397,"href":"https:\/\/2022.idm314.es\/index.php\/wp-json\/wp\/v2\/pages\/50\/revisions\/397"}],"up":[{"embeddable":true,"href":"https:\/\/2022.idm314.es\/index.php\/wp-json\/wp\/v2\/pages\/46"}],"wp:featuredmedia":[{"embeddable":true,"href":"https:\/\/2022.idm314.es\/index.php\/wp-json\/wp\/v2\/media\/58"}],"wp:attachment":[{"href":"https:\/\/2022.idm314.es\/index.php\/wp-json\/wp\/v2\/media?parent=50"}],"curies":[{"name":"wp","href":"https:\/\/api.w.org\/{rel}","templated":true}]}}